{"id":2953,"date":"2018-08-23T09:07:13","date_gmt":"2018-08-23T07:07:13","guid":{"rendered":"https:\/\/www.antigua-luberri.net\/?page_id=2953"},"modified":"2026-04-14T20:21:42","modified_gmt":"2026-04-14T18:21:42","slug":"organos-de-direccion-y-departamentos","status":"publish","type":"page","link":"https:\/\/www.antigua-luberri.net\/es\/instituto\/organos-de-direccion-y-departamentos\/","title":{"rendered":"Organizaci\u00f3n interna"},"content":{"rendered":"<p>[et_pb_section fb_built=\u00bb1&#8243; admin_label=\u00bbsection\u00bb _builder_version=\u00bb4.16&#8243; global_colors_info=\u00bb{}\u00bb][et_pb_row column_structure=\u00bb1_3,2_3&#8243; admin_label=\u00bbrow\u00bb _builder_version=\u00bb4.16&#8243; background_size=\u00bbinitial\u00bb background_position=\u00bbtop_left\u00bb background_repeat=\u00bbrepeat\u00bb locked=\u00bboff\u00bb collapsed=\u00bboff\u00bb global_colors_info=\u00bb{}\u00bb][et_pb_column type=\u00bb1_3&#8243; _builder_version=\u00bb4.16&#8243; custom_padding=\u00bb|||\u00bb global_colors_info=\u00bb{}\u00bb custom_padding__hover=\u00bb|||\u00bb][et_pb_text _builder_version=\u00bb4.27.5&#8243; background_size=\u00bbinitial\u00bb background_position=\u00bbtop_left\u00bb background_repeat=\u00bbrepeat\u00bb hover_enabled=\u00bb0&#8243; global_colors_info=\u00bb{}\u00bb sticky_enabled=\u00bb0&#8243;]<\/p>\n<h4><b>GRUPO DIRECTIVO<\/b><\/h4>\n<p style=\"text-align: left;\">Director:\u00a0 <em>Alain Urizar<br \/><\/em><\/p>\n<p style=\"text-align: left;\">Jefas de estudio:\u00a0<em> Ainhoa Goitiandia y Oihana Goikoetxea<br \/><\/em><\/p>\n<p style=\"text-align: left;\"><em>Subdirector<\/em>:\u00a0 <em>Idoia Urretabizkaia<br \/><\/em><\/p>\n<p style=\"text-align: left;\">Secretaria: <em>Beatriz Odriozola<\/em><\/p>\n<h4 style=\"text-align: left;\"><b>Asociaci\u00f3n de padres<br \/><\/b><\/h4>\n<p style=\"text-align: left;\">Presidente:<em> Alo\u00f1a Susteta<br \/><\/em><\/p>\n<p style=\"text-align: left;\">Secretaria: <em>Aitzol Ezeiza<br \/><\/em><\/p>\n<p style=\"text-align: left;\">Tesorera: <em>Catalina Uzcanga<\/em><\/p>\n<h4><b>Orientadores<\/b><\/h4>\n<p>Bego\u00f1a Calvo y Alex Altuna<\/p>\n<p>[\/et_pb_text][et_pb_text _builder_version=\u00bb4.27.2&#8243; background_size=\u00bbinitial\u00bb background_position=\u00bbtop_left\u00bb background_repeat=\u00bbrepeat\u00bb text_orientation=\u00bbcenter\u00bb global_colors_info=\u00bb{}\u00bb][\/et_pb_text][\/et_pb_column][et_pb_column type=\u00bb2_3&#8243; _builder_version=\u00bb4.16&#8243; custom_padding=\u00bb|||\u00bb global_colors_info=\u00bb{}\u00bb custom_padding__hover=\u00bb|||\u00bb][et_pb_code disabled_on=\u00bboff|off|off\u00bb _builder_version=\u00bb4.27.4&#8243; _module_preset=\u00bbdefault\u00bb global_colors_info=\u00bb{}\u00bb]<embed src=\"https:\/\/www.antigua-luberri.net\/wp-content\/uploads\/2025\/11\/2526Organigrama.pdf\" border=\"0\"  type=\"application\/pdf\" width=\"100%\" height=\"100%\"  \/>[\/et_pb_code][et_pb_code disabled_on=\u00bbon|on|on\u00bb _builder_version=\u00bb4.27.2&#8243; _module_preset=\u00bbdefault\u00bb disabled=\u00bbon\u00bb global_colors_info=\u00bb{}\u00bb]<iframe src=\"https:\/\/docs.google.com\/gview?url=https:\/\/drive.google.com\/file\/d\/1jWmcKPajGEBC3nCrkNsxwaEV2WBbAYhF\/view?usp=sharing&#038;embedded=true\" frameborder=\"0\" style=\"width:100%;height:100%\"><\/iframe>[\/et_pb_code][et_pb_image src=\u00bbhttps:\/\/www.antigua-luberri.net\/wp-content\/uploads\/2024\/10\/2425Organigrama.pdf\u00bb title_text=\u00bb2425Organigrama\u00bb url=\u00bbhttps:\/\/www.antigua-luberri.net\/wp-content\/uploads\/2024\/10\/2425Organigrama.pdf\u00bb url_new_window=\u00bbon\u00bb align=\u00bbcenter\u00bb align_tablet=\u00bbcenter\u00bb align_phone=\u00bb\u00bb align_last_edited=\u00bbon|desktop\u00bb disabled_on=\u00bbon|on|on\u00bb _builder_version=\u00bb4.27.2&#8243; background_image=\u00bbhttps:\/\/www.antigua-luberri.net\/wp-content\/uploads\/2024\/01\/Organigrama-1-1.pdf\u00bb border_color=\u00bb#b13971&#8243; always_center_on_mobile=\u00bbon\u00bb disabled=\u00bbon\u00bb global_colors_info=\u00bb{}\u00bb][\/et_pb_image][\/et_pb_column][\/et_pb_row][\/et_pb_section]<\/p>\n","protected":false},"excerpt":{"rendered":"<p>GRUPO DIRECTIVO Director:\u00a0 Alain Urizar Jefas de estudio:\u00a0 Ainhoa Goitiandia y Oihana Goikoetxea Subdirector:\u00a0 Idoia Urretabizkaia Secretaria: Beatriz Odriozola Asociaci\u00f3n de padres Presidente: Alo\u00f1a Susteta Secretaria: Aitzol Ezeiza Tesorera: Catalina Uzcanga Orientadores Bego\u00f1a Calvo y Alex Altuna<\/p>\n","protected":false},"author":1,"featured_media":0,"parent":2918,"menu_order":0,"comment_status":"closed","ping_status":"closed","template":"","meta":{"_et_pb_use_builder":"on","_et_pb_old_content":"","_et_gb_content_width":"","footnotes":""},"class_list":["post-2953","page","type-page","status-publish","hentry"],"_links":{"self":[{"href":"https:\/\/www.antigua-luberri.net\/es\/wp-json\/wp\/v2\/pages\/2953","targetHints":{"allow":["GET"]}}],"collection":[{"href":"https:\/\/www.antigua-luberri.net\/es\/wp-json\/wp\/v2\/pages"}],"about":[{"href":"https:\/\/www.antigua-luberri.net\/es\/wp-json\/wp\/v2\/types\/page"}],"author":[{"embeddable":true,"href":"https:\/\/www.antigua-luberri.net\/es\/wp-json\/wp\/v2\/users\/1"}],"replies":[{"embeddable":true,"href":"https:\/\/www.antigua-luberri.net\/es\/wp-json\/wp\/v2\/comments?post=2953"}],"version-history":[{"count":68,"href":"https:\/\/www.antigua-luberri.net\/es\/wp-json\/wp\/v2\/pages\/2953\/revisions"}],"predecessor-version":[{"id":18629,"href":"https:\/\/www.antigua-luberri.net\/es\/wp-json\/wp\/v2\/pages\/2953\/revisions\/18629"}],"up":[{"embeddable":true,"href":"https:\/\/www.antigua-luberri.net\/es\/wp-json\/wp\/v2\/pages\/2918"}],"wp:attachment":[{"href":"https:\/\/www.antigua-luberri.net\/es\/wp-json\/wp\/v2\/media?parent=2953"}],"curies":[{"name":"wp","href":"https:\/\/api.w.org\/{rel}","templated":true}]}}