{"id":13982,"date":"2018-09-03T16:31:37","date_gmt":"2018-09-03T14:31:37","guid":{"rendered":"https:\/\/www.antigua-luberri.net\/instituto\/agurra\/"},"modified":"2024-10-03T22:50:23","modified_gmt":"2024-10-03T20:50:23","slug":"saludo","status":"publish","type":"page","link":"https:\/\/www.antigua-luberri.net\/es\/instituto\/saludo\/","title":{"rendered":"Saludo"},"content":{"rendered":"<p>[et_pb_section fb_built=\u00bb1&#8243; admin_label=\u00bbCompanies that use our product\u00bb _builder_version=\u00bb4.24.2&#8243; custom_padding=\u00bb|0px||0px|false|false\u00bb collapsed=\u00bboff\u00bb global_colors_info=\u00bb{}\u00bb][et_pb_row _builder_version=\u00bb4.24.2&#8243; background_size=\u00bbinitial\u00bb background_position=\u00bbtop_left\u00bb background_repeat=\u00bbrepeat\u00bb global_colors_info=\u00bb{}\u00bb][et_pb_column type=\u00bb4_4&#8243; _builder_version=\u00bb4.16&#8243; custom_padding=\u00bb|||\u00bb global_colors_info=\u00bb{}\u00bb custom_padding__hover=\u00bb|||\u00bb][et_pb_testimonial quote_icon=\u00bboff\u00bb _builder_version=\u00bb4.27.0&#8243; _module_preset=\u00bbdefault\u00bb body_font_size=\u00bb15px\u00bb background_color=\u00bb#f1f5fa\u00bb hover_enabled=\u00bb0&#8243; global_colors_info=\u00bb{}\u00bb sticky_enabled=\u00bb0&#8243;]<\/p>\n<p style=\"text-align: center;\">El IES Antigua-Luberri ofrece al oeste de Donostialdea la siguiente <strong>oferta<\/strong> <strong>educativa<\/strong> de modelo D: Educaci\u00f3n Secundaria Obligatoria (ESO), Aula de Estudios Funcionales (AAT), Aula Estable y Bachillerato.<\/p>\n<p>[\/et_pb_testimonial][\/et_pb_column][\/et_pb_row][et_pb_row column_structure=\u00bb1_3,1_3,1_3&#8243; make_equal=\u00bbon\u00bb custom_padding_last_edited=\u00bbon|tablet\u00bb disabled_on=\u00bboff|off|off\u00bb _builder_version=\u00bb4.22.1&#8243; _module_preset=\u00bbdefault\u00bb custom_padding_tablet=\u00bb||0px||false|false\u00bb custom_padding_phone=\u00bb||0px||false|false\u00bb collapsed=\u00bboff\u00bb global_colors_info=\u00bb{}\u00bb][et_pb_column type=\u00bb1_3&#8243; _builder_version=\u00bb4.22.1&#8243; _module_preset=\u00bbdefault\u00bb background_color=\u00bbgcid-924bddf2-c0ef-4ef9-b028-8630e1b50bab\u00bb custom_padding=\u00bb40px|40px|40px|40px|true|true\u00bb custom_padding_tablet=\u00bb30px|30px|30px|30px|true|true\u00bb custom_padding_phone=\u00bb20px|20px|20px|20px|true|true\u00bb custom_padding_last_edited=\u00bbon|desktop\u00bb border_radii=\u00bbon|10px|10px|10px|10px\u00bb global_colors_info=\u00bb{%22gcid-924bddf2-c0ef-4ef9-b028-8630e1b50bab%22:%91%22background_color%22%93}\u00bb][et_pb_icon font_icon=\u00bb&#xf19d;||fa||900&#8243; icon_width=\u00bb45px\u00bb _builder_version=\u00bb4.23.1&#8243; _module_preset=\u00bbdefault\u00bb global_colors_info=\u00bb{}\u00bb][\/et_pb_icon][et_pb_text admin_label=\u00bbText\u00bb _builder_version=\u00bb4.27.0&#8243; _module_preset=\u00bbf35bc951-247b-40f0-8460-7ec79e9d14df\u00bb text_orientation=\u00bbcenter\u00bb custom_margin=\u00bb||0px||false|false\u00bb hover_enabled=\u00bb0&#8243; locked=\u00bboff\u00bb global_colors_info=\u00bb{}\u00bb sticky_enabled=\u00bb0&#8243;]<\/p>\n<h5>Nuestro colegio<\/h5>\n<p>[\/et_pb_text][et_pb_text _builder_version=\u00bb4.24.2&#8243; _module_preset=\u00bb5e2c40c6-3e09-4bff-8678-5ab8396debe4&#8243; text_font_size=\u00bb15px\u00bb text_orientation=\u00bbcenter\u00bb global_colors_info=\u00bb{}\u00bb]<\/p>\n<div class=\"row\">\n<div class=\"col-md-12 col-xs-12\">Es democr\u00e1tico, inclusivo, coeducativo, euskaldun y pluriling\u00fce.<\/div>\n<\/div>\n<p>[\/et_pb_text][\/et_pb_column][et_pb_column type=\u00bb1_3&#8243; _builder_version=\u00bb4.22.1&#8243; _module_preset=\u00bbdefault\u00bb background_color=\u00bbgcid-924bddf2-c0ef-4ef9-b028-8630e1b50bab\u00bb custom_padding=\u00bb40px|40px|40px|40px|true|true\u00bb custom_padding_tablet=\u00bb30px|30px|30px|30px|true|true\u00bb custom_padding_phone=\u00bb20px|20px|20px|20px|true|true\u00bb custom_padding_last_edited=\u00bbon|desktop\u00bb border_radii=\u00bbon|10px|10px|10px|10px\u00bb global_colors_info=\u00bb{%22gcid-924bddf2-c0ef-4ef9-b028-8630e1b50bab%22:%91%22background_color%22%93}\u00bb][et_pb_icon font_icon=\u00bb&#xe007;||divi||400&#8243; icon_width=\u00bb45px\u00bb _builder_version=\u00bb4.23.1&#8243; _module_preset=\u00bbdefault\u00bb global_colors_info=\u00bb{}\u00bb][\/et_pb_icon][et_pb_text _builder_version=\u00bb4.24.0&#8243; _module_preset=\u00bbf35bc951-247b-40f0-8460-7ec79e9d14df\u00bb text_orientation=\u00bbcenter\u00bb custom_margin=\u00bb||0px||false|false\u00bb global_colors_info=\u00bb{}\u00bb]<\/p>\n<h5>Innovaci\u00f3n pedag\u00f3gica<\/h5>\n<p>[\/et_pb_text][et_pb_text _builder_version=\u00bb4.24.2&#8243; _module_preset=\u00bb5e2c40c6-3e09-4bff-8678-5ab8396debe4&#8243; text_font_size=\u00bb15px\u00bb text_orientation=\u00bbcenter\u00bb global_colors_info=\u00bb{}\u00bb]<\/p>\n<div class=\"row\">\n<div class=\"col-md-12 col-xs-12\">Para que el aprendizaje sea m\u00e1s significativo, estamos llevando a cabo una transformaci\u00f3n metodol\u00f3gica.<\/div>\n<\/div>\n<p>\u200b<\/p>\n<p>[\/et_pb_text][\/et_pb_column][et_pb_column type=\u00bb1_3&#8243; _builder_version=\u00bb4.22.1&#8243; _module_preset=\u00bbdefault\u00bb background_color=\u00bbgcid-924bddf2-c0ef-4ef9-b028-8630e1b50bab\u00bb custom_padding=\u00bb40px|40px|40px|40px|true|true\u00bb custom_padding_tablet=\u00bb30px|30px|30px|30px|true|true\u00bb custom_padding_phone=\u00bb20px|20px|20px|20px|true|true\u00bb custom_padding_last_edited=\u00bbon|desktop\u00bb border_radii=\u00bbon|10px|10px|10px|10px\u00bb global_colors_info=\u00bb{%22gcid-924bddf2-c0ef-4ef9-b028-8630e1b50bab%22:%91%22background_color%22%93}\u00bb][et_pb_icon font_icon=\u00bb&#xf004;||fa||900&#8243; icon_width=\u00bb45px\u00bb _builder_version=\u00bb4.23.1&#8243; _module_preset=\u00bbdefault\u00bb global_colors_info=\u00bb{}\u00bb][\/et_pb_icon][et_pb_text _builder_version=\u00bb4.24.0&#8243; _module_preset=\u00bbf35bc951-247b-40f0-8460-7ec79e9d14df\u00bb text_orientation=\u00bbcenter\u00bb custom_margin=\u00bb||0px||false|false\u00bb global_colors_info=\u00bb{}\u00bb]<\/p>\n<h5>Convivencia<\/h5>\n<p>[\/et_pb_text][et_pb_text _builder_version=\u00bb4.24.2&#8243; _module_preset=\u00bb5e2c40c6-3e09-4bff-8678-5ab8396debe4&#8243; text_font_size=\u00bb15px\u00bb text_orientation=\u00bbcenter\u00bb global_colors_info=\u00bb{}\u00bb]<\/p>\n<div id=\"translation_text\">\n<div class=\"jumbotron-text\">\n<div class=\"row\">\n<div class=\"col-md-12 col-xs-12\">En Antigua-Luberri nos cuidamos, convivimos, aprendemos el uno del otro.<\/div>\n<\/div>\n<\/div>\n<\/div>\n<p>[\/et_pb_text][\/et_pb_column][\/et_pb_row][et_pb_row _builder_version=\u00bb4.24.2&#8243; _module_preset=\u00bbdefault\u00bb global_colors_info=\u00bb{}\u00bb][et_pb_column type=\u00bb4_4&#8243; _builder_version=\u00bb4.23.1&#8243; _module_preset=\u00bbdefault\u00bb global_colors_info=\u00bb{}\u00bb][et_pb_text _builder_version=\u00bb4.24.2&#8243; _module_preset=\u00bbdefault\u00bb text_font_size=\u00bb16px\u00bb background_color=\u00bb#FFFFFF\u00bb global_colors_info=\u00bb{}\u00bb]<\/p>\n<div class=\"row\">\n<div class=\"col-md-12 col-xs-12\" style=\"text-align: center;\">El alumnado procede mayoritariamente de estos centros de Educaci\u00f3n Primaria:<\/div>\n<\/div>\n<p>[\/et_pb_text][\/et_pb_column][\/et_pb_row][et_pb_row column_structure=\u00bb1_6,1_6,1_6,1_6,1_6,1_6&#8243; _builder_version=\u00bb4.16&#8243; global_colors_info=\u00bb{}\u00bb][et_pb_column type=\u00bb1_6&#8243; _builder_version=\u00bb4.16&#8243; custom_padding=\u00bb|||\u00bb global_colors_info=\u00bb{}\u00bb custom_padding__hover=\u00bb|||\u00bb][et_pb_image src=\u00bbhttps:\/\/www.antigua-luberri.net\/wp-content\/uploads\/2023\/12\/ibai_ikastola.png\u00bb title_text=\u00bbibai_ikastola\u00bb align_tablet=\u00bbcenter\u00bb align_phone=\u00bbcenter\u00bb align_last_edited=\u00bbon|desktop\u00bb _builder_version=\u00bb4.23.1&#8243; locked=\u00bboff\u00bb global_colors_info=\u00bb{}\u00bb][\/et_pb_image][\/et_pb_column][et_pb_column type=\u00bb1_6&#8243; _builder_version=\u00bb4.16&#8243; custom_padding=\u00bb|||\u00bb global_colors_info=\u00bb{}\u00bb custom_padding__hover=\u00bb|||\u00bb][et_pb_image src=\u00bbhttps:\/\/www.antigua-luberri.net\/wp-content\/uploads\/2023\/12\/aiete.png\u00bb title_text=\u00bbaiete\u00bb align_tablet=\u00bbcenter\u00bb align_phone=\u00bbcenter\u00bb align_last_edited=\u00bbon|desktop\u00bb _builder_version=\u00bb4.23.1&#8243; global_colors_info=\u00bb{}\u00bb][\/et_pb_image][\/et_pb_column][et_pb_column type=\u00bb1_6&#8243; _builder_version=\u00bb4.16&#8243; custom_padding=\u00bb|||\u00bb global_colors_info=\u00bb{}\u00bb custom_padding__hover=\u00bb|||\u00bb][et_pb_image src=\u00bbhttps:\/\/www.antigua-luberri.net\/wp-content\/uploads\/2024\/01\/amassorrain-removebg-preview.png\u00bb title_text=\u00bbamassorrain-removebg-preview\u00bb align_tablet=\u00bbcenter\u00bb align_phone=\u00bbcenter\u00bb align_last_edited=\u00bbon|desktop\u00bb _builder_version=\u00bb4.23.1&#8243; locked=\u00bboff\u00bb global_colors_info=\u00bb{}\u00bb][\/et_pb_image][\/et_pb_column][et_pb_column type=\u00bb1_6&#8243; _builder_version=\u00bb4.16&#8243; custom_padding=\u00bb|||\u00bb global_colors_info=\u00bb{}\u00bb custom_padding__hover=\u00bb|||\u00bb][et_pb_image src=\u00bbhttps:\/\/www.antigua-luberri.net\/wp-content\/uploads\/2023\/12\/jakintza.png\u00bb title_text=\u00bbjakintza\u00bb align_tablet=\u00bbcenter\u00bb align_phone=\u00bbcenter\u00bb align_last_edited=\u00bbon|desktop\u00bb _builder_version=\u00bb4.23.1&#8243; global_colors_info=\u00bb{}\u00bb][\/et_pb_image][\/et_pb_column][et_pb_column type=\u00bb1_6&#8243; _builder_version=\u00bb4.16&#8243; custom_padding=\u00bb|||\u00bb global_colors_info=\u00bb{}\u00bb custom_padding__hover=\u00bb|||\u00bb][et_pb_image src=\u00bbhttps:\/\/www.antigua-luberri.net\/wp-content\/uploads\/2023\/12\/igeldo.png\u00bb title_text=\u00bbigeldo\u00bb align_tablet=\u00bbcenter\u00bb align_phone=\u00bbcenter\u00bb align_last_edited=\u00bbon|desktop\u00bb _builder_version=\u00bb4.23.1&#8243; locked=\u00bboff\u00bb global_colors_info=\u00bb{}\u00bb][\/et_pb_image][\/et_pb_column][et_pb_column type=\u00bb1_6&#8243; _builder_version=\u00bb4.16&#8243; custom_padding=\u00bb|||\u00bb global_colors_info=\u00bb{}\u00bb custom_padding__hover=\u00bb|||\u00bb][et_pb_image src=\u00bbhttps:\/\/www.antigua-luberri.net\/wp-content\/uploads\/2023\/12\/orixe.png\u00bb title_text=\u00bborixe\u00bb align_tablet=\u00bbcenter\u00bb align_phone=\u00bbcenter\u00bb align_last_edited=\u00bbon|desktop\u00bb _builder_version=\u00bb4.23.1&#8243; locked=\u00bboff\u00bb global_colors_info=\u00bb{}\u00bb][\/et_pb_image][\/et_pb_column][\/et_pb_row][et_pb_row _builder_version=\u00bb4.23.1&#8243; _module_preset=\u00bbdefault\u00bb global_colors_info=\u00bb{}\u00bb][et_pb_column type=\u00bb4_4&#8243; _builder_version=\u00bb4.23.1&#8243; _module_preset=\u00bbdefault\u00bb global_colors_info=\u00bb{}\u00bb][et_pb_icon font_icon=\u00bb&#xe01d;||divi||400&#8243; icon_width=\u00bb45px\u00bb _builder_version=\u00bb4.23.1&#8243; _module_preset=\u00bbdefault\u00bb global_colors_info=\u00bb{}\u00bb][\/et_pb_icon][et_pb_code _builder_version=\u00bb4.23.1&#8243; text_orientation=\u00bbcenter\u00bb global_colors_info=\u00bb{}\u00bb]<iframe loading=\"lazy\" src=\"https:\/\/www.google.com\/maps\/embed?pb=!1m18!1m12!1m3!1d2903.2612139442385!2d-2.0098220843251013!3d43.30879098265058!2m3!1f0!2f0!3f0!3m2!1i1024!2i768!4f13.1!3m3!1m2!1s0xd51b074cd6b0543%3A0xaf69ecaaf5f5b1f6!2sAntigua-Luberri+Bhi!5e0!3m2!1ses!2ses!4v1532429669902\" width=\"500\" height=\"300\" frameborder=\"0\" style=\"border:0\" allowfullscreen><\/iframe>[\/et_pb_code][et_pb_text _builder_version=\u00bb4.24.0&#8243; _module_preset=\u00bbf35bc951-247b-40f0-8460-7ec79e9d14df\u00bb text_orientation=\u00bbcenter\u00bb custom_margin=\u00bb||0px||false|false\u00bb global_colors_info=\u00bb{}\u00bb]<\/p>\n<p>Xalbador Bertsolariaren Kalea, 9 \u00b7 20018 Donostia \u00b7 Gipuzkoa<\/p>\n<p>[\/et_pb_text][\/et_pb_column][\/et_pb_row][\/et_pb_section]<\/p>\n","protected":false},"excerpt":{"rendered":"<p>El IES Antigua-Luberri ofrece al oeste de Donostialdea la siguiente oferta educativa de modelo D: Educaci\u00f3n Secundaria Obligatoria (ESO), Aula de Estudios Funcionales (AAT), Aula Estable y Bachillerato.Nuestro colegio Es democr\u00e1tico, inclusivo, coeducativo, euskaldun y pluriling\u00fce. Innovaci\u00f3n pedag\u00f3gica Para que el aprendizaje sea m\u00e1s significativo, estamos llevando a cabo una transformaci\u00f3n metodol\u00f3gica. \u200bConvivencia En Antigua-Luberri [&hellip;]<\/p>\n","protected":false},"author":1,"featured_media":0,"parent":2918,"menu_order":0,"comment_status":"closed","ping_status":"closed","template":"","meta":{"_et_pb_use_builder":"on","_et_pb_old_content":"","_et_gb_content_width":"","footnotes":""},"class_list":["post-13982","page","type-page","status-publish","hentry"],"_links":{"self":[{"href":"https:\/\/www.antigua-luberri.net\/es\/wp-json\/wp\/v2\/pages\/13982","targetHints":{"allow":["GET"]}}],"collection":[{"href":"https:\/\/www.antigua-luberri.net\/es\/wp-json\/wp\/v2\/pages"}],"about":[{"href":"https:\/\/www.antigua-luberri.net\/es\/wp-json\/wp\/v2\/types\/page"}],"author":[{"embeddable":true,"href":"https:\/\/www.antigua-luberri.net\/es\/wp-json\/wp\/v2\/users\/1"}],"replies":[{"embeddable":true,"href":"https:\/\/www.antigua-luberri.net\/es\/wp-json\/wp\/v2\/comments?post=13982"}],"version-history":[{"count":11,"href":"https:\/\/www.antigua-luberri.net\/es\/wp-json\/wp\/v2\/pages\/13982\/revisions"}],"predecessor-version":[{"id":15667,"href":"https:\/\/www.antigua-luberri.net\/es\/wp-json\/wp\/v2\/pages\/13982\/revisions\/15667"}],"up":[{"embeddable":true,"href":"https:\/\/www.antigua-luberri.net\/es\/wp-json\/wp\/v2\/pages\/2918"}],"wp:attachment":[{"href":"https:\/\/www.antigua-luberri.net\/es\/wp-json\/wp\/v2\/media?parent=13982"}],"curies":[{"name":"wp","href":"https:\/\/api.w.org\/{rel}","templated":true}]}}